{"version":"1.0","provider_name":"Tarka B\u00e1rka","provider_url":"https:\/\/tarkabarka.cafeblog.hu","author_name":"Tarka B\u00e1rka","author_url":"https:\/\/tarkabarka.cafeblog.hu\/author\/tarka_barka\/","title":"Gesztenyeburok b\u00e1rka","html":"<p style=\"text-align: justify\">Nagyon aranyos \u00f6tlettel \u00e1llt el\u0151 a m\u00falt h\u00e9ten a n\u00e9gy\u00e9vesem: K\u00e9sz\u00edts\u00fcnk b\u00e1rk\u00e1kat az ovib\u00f3l hazahozott vadgesztenye burkokb\u00f3l!<\/p>\r\n<p style=\"text-align: justify\">Sz\u00ednes pap\u00edrokat vett\u00fcnk el\u0151, majd skatulya nagys\u00e1g\u00fa h\u00e1romsz\u00f6g form\u00e1kat v\u00e1gtunk bel\u0151l\u00fck. Ezeket fogv\u00e1j\u00f3kra t\u0171zt\u00fck, \u00e9s \u00f3vatosan, an\u00e9lk\u00fcl, hogy \u00e1tlyukasztottuk volna, a burkokba sz\u00fartuk a vitorl\u00e1kat. A haj\u00f3csk\u00e1kat a mosd\u00f3kagyl\u00f3ban eresztett\u00fck v\u00edzre. (Tengeri csat\u00e1t, szelet imit\u00e1lni szabad!)<\/p>\r\n<p style=\"text-align: justify\">Ilyenek lettek:<\/p>\r\n<p style=\"text-align: justify\"><a href=\"https:\/\/tarkabarka.cafeblog.hu\/files\/2013\/10\/DSC_0749.jpg\"><img class=\"aligncenter size-full wp-image-7103\" alt=\"DSC_0749\" src=\"https:\/\/tarkabarka.cafeblog.hu\/files\/2013\/10\/DSC_0749.jpg\" width=\"1068\" height=\"1600\" \/><\/a><\/p>\r\n<p style=\"text-align: justify\">\u00c9s az aprop\u00f3: hossz\u00fa sz\u00fcnet ut\u00e1n, ism\u00e9t egy els\u0151sorban gyerekeknek sz\u00f3l\u00f3 hal\u00e9telt publik\u00e1lunk! N\u00e9zzetek be holnap!<\/p>\r\n&nbsp;","type":"rich","thumbnail_url":"https:\/\/tarkabarka.cafeblog.hu\/files\/2013\/10\/DSC_0749-150x150.jpg","thumbnail_width":150,"thumbnail_height":150}